{"id":105,"date":"2021-09-11T16:19:53","date_gmt":"2021-09-11T14:19:53","guid":{"rendered":"http:\/\/niort-volley-ball.fr\/?page_id=105"},"modified":"2024-07-03T08:06:21","modified_gmt":"2024-07-03T06:06:21","slug":"equipes-departementales-feminine","status":"publish","type":"page","link":"https:\/\/niort-volley-ball.fr\/index.php\/equipes-departementales-feminine\/","title":{"rendered":"PR\u00c9-R\u00c9GIONALE F\u00c9MININE"},"content":{"rendered":"\r\n<p><strong>Entrainement : <\/strong>Les mardis de 18h30 \u00e0 20h00 et les vendredis de 19h30 \u00e0 21h00.<\/p>\r\n\r\n\r\n\r\n<p><strong>Effectif en d\u00e9but de saison (comprenant les M18F): <\/strong><\/p>\r\n\r\n\r\n\r\n<ul class=\"wp-block-list\">\r\n<li><span style=\"text-decoration: underline;\">Equipe 1 (PRF 1) : <\/span>Pauline, H\u00e9lia, Nolwenn, Mathilde, Maylis, Lina, V\u00e9ronique, entrain\u00e9 par Patrick.<\/li>\r\n<\/ul>\r\n\r\n\r\n\r\n<figure class=\"wp-block-image size-large\"><img decoding=\"async\" width=\"1024\" height=\"1024\" class=\"wp-image-303 lazyload\" data-src=\"https:\/\/niort-volley-ball.fr\/wp-content\/uploads\/2023\/09\/Photos-groupe-F1-1024x1024.jpg\" alt=\"\" data-srcset=\"https:\/\/niort-volley-ball.fr\/wp-content\/uploads\/2023\/09\/Photos-groupe-F1-1024x1024.jpg 1024w, https:\/\/niort-volley-ball.fr\/wp-content\/uploads\/2023\/09\/Photos-groupe-F1-300x300.jpg 300w, https:\/\/niort-volley-ball.fr\/wp-content\/uploads\/2023\/09\/Photos-groupe-F1-150x150.jpg 150w, https:\/\/niort-volley-ball.fr\/wp-content\/uploads\/2023\/09\/Photos-groupe-F1-768x768.jpg 768w, https:\/\/niort-volley-ball.fr\/wp-content\/uploads\/2023\/09\/Photos-groupe-F1-100x100.jpg 100w, https:\/\/niort-volley-ball.fr\/wp-content\/uploads\/2023\/09\/Photos-groupe-F1.jpg 1200w\" data-sizes=\"(max-width: 1024px) 100vw, 1024px\" src=\"data:image\/svg+xml;base64,PHN2ZyB3aWR0aD0iMSIgaGVpZ2h0PSIxIiB4bWxucz0iaHR0cDovL3d3dy53My5vcmcvMjAwMC9zdmciPjwvc3ZnPg==\" style=\"--smush-placeholder-width: 1024px; --smush-placeholder-aspect-ratio: 1024\/1024;\" \/>\r\n<figcaption class=\"wp-element-caption\">Photo prise lors d&rsquo;un match contre VBPN en saison 2022-2023 &#8211; (de gauche \u00e0 droite\/haut en bas) Patrick, Nolwenn, Maylis, Pauline, H\u00e9lia, Lo\u00efs, Jeanne, Mathilde et Lina<\/figcaption>\r\n<\/figure>\r\n\r\n\r\n\r\n<ul class=\"wp-block-list\">\r\n<li><span style=\"text-decoration: underline;\">Equipe 2 (PRF 2) :<\/span> &#8230;&#8230;&#8230;&#8230;&#8230;&#8230;&#8230;&#8230;&#8230;&#8230;&#8230;&#8230;&#8230;&#8230;&#8230;&#8230;&#8230;. , entrain\u00e9 par Louis<\/li>\r\n<\/ul>\r\n\r\n\r\n\r\n<figure class=\"wp-block-image size-large\"><img decoding=\"async\" width=\"1024\" height=\"861\" class=\"wp-image-304 lazyload\" data-src=\"https:\/\/niort-volley-ball.fr\/wp-content\/uploads\/2023\/09\/Photos-groupe-F2-1-1024x861.jpg\" alt=\"\" data-srcset=\"https:\/\/niort-volley-ball.fr\/wp-content\/uploads\/2023\/09\/Photos-groupe-F2-1-1024x861.jpg 1024w, https:\/\/niort-volley-ball.fr\/wp-content\/uploads\/2023\/09\/Photos-groupe-F2-1-300x252.jpg 300w, https:\/\/niort-volley-ball.fr\/wp-content\/uploads\/2023\/09\/Photos-groupe-F2-1-768x646.jpg 768w, https:\/\/niort-volley-ball.fr\/wp-content\/uploads\/2023\/09\/Photos-groupe-F2-1.jpg 1284w\" data-sizes=\"(max-width: 1024px) 100vw, 1024px\" src=\"data:image\/svg+xml;base64,PHN2ZyB3aWR0aD0iMSIgaGVpZ2h0PSIxIiB4bWxucz0iaHR0cDovL3d3dy53My5vcmcvMjAwMC9zdmciPjwvc3ZnPg==\" style=\"--smush-placeholder-width: 1024px; --smush-placeholder-aspect-ratio: 1024\/861;\" \/>\r\n<figcaption class=\"wp-element-caption\">Photo prise lors d&rsquo;un match contre &#8230;.. en saison 2022-2023 &#8211; (de gauche \u00e0 droite\/haut en bas)<\/figcaption>\r\n<\/figure>\r\n\r\n\r\n\r\n<p>La PRF du Niort Volley Ball est compos\u00e9e de deux \u00e9quipes afin de permettre l&rsquo;\u00e9volution des joueuses et de leurs comp\u00e9tences dans le milieu le plus favorable.<\/p>\r\n\r\n\r\n\r\n<p>L&rsquo;objectif de la PRF 1 <em>est la poursuite de la mont\u00e9e en comp\u00e9tence en lien avec la saison 2022-2023 avec une mont\u00e9e au niveau r\u00e9gionale.<\/em><\/p>\r\n\r\n\r\n\r\n<p>L&rsquo;objectif de la PRF 2 est d\u2019accompagner les joueuses moins exp\u00e9riment\u00e9es vers la d\u00e9couverte du niveau d\u00e9partemental\u00a0<\/p>\r\n\r\n\r\n\r\n<p>&nbsp;<\/p>\r\n","protected":false},"excerpt":{"rendered":"<p>Entrainement : Les mardis de 18h30 \u00e0 20h00 et les vendredis de 19h30 \u00e0 21h00. Effectif en d\u00e9but de saison (comprenant les M18F): La PRF du Niort Volley Ball est [&hellip;]<\/p>\n","protected":false},"author":1,"featured_media":0,"parent":0,"menu_order":0,"comment_status":"closed","ping_status":"closed","template":"","meta":{"iawp_total_views":243,"footnotes":""},"class_list":["post-105","page","type-page","status-publish","hentry"],"yoast_head":"<!-- This site is optimized with the Yoast SEO plugin v27.5 - https:\/\/yoast.com\/product\/yoast-seo-wordpress\/ -->\n<title>PR\u00c9-R\u00c9GIONALE F\u00c9MININE - Niort Volley Ball<\/title>\n<meta name=\"description\" content=\"Equipes d\u00e9partementales f\u00e9minine Niort Volley-ball\" \/>\n<meta name=\"robots\" content=\"index, follow, max-snippet:-1, max-image-preview:large, max-video-preview:-1\" \/>\n<link rel=\"canonical\" href=\"https:\/\/niort-volley-ball.fr\/index.php\/equipes-departementales-feminine\/\" \/>\n<meta property=\"og:locale\" content=\"fr_FR\" \/>\n<meta property=\"og:type\" content=\"article\" \/>\n<meta property=\"og:title\" content=\"PR\u00c9-R\u00c9GIONALE F\u00c9MININE - Niort Volley Ball\" \/>\n<meta property=\"og:description\" content=\"Equipes d\u00e9partementales f\u00e9minine Niort Volley-ball\" \/>\n<meta property=\"og:url\" content=\"https:\/\/niort-volley-ball.fr\/index.php\/equipes-departementales-feminine\/\" \/>\n<meta property=\"og:site_name\" content=\"Niort Volley Ball\" \/>\n<meta property=\"article:publisher\" content=\"https:\/\/www.facebook.com\/niortvb\/\" \/>\n<meta property=\"article:modified_time\" content=\"2024-07-03T06:06:21+00:00\" \/>\n<meta property=\"og:image\" content=\"https:\/\/niort-volley-ball.fr\/wp-content\/uploads\/2023\/09\/Photos-groupe-F1-1024x1024.jpg\" \/>\n<meta name=\"twitter:card\" content=\"summary_large_image\" \/>\n<meta name=\"twitter:label1\" content=\"Dur\u00e9e de lecture estim\u00e9e\" \/>\n\t<meta name=\"twitter:data1\" content=\"1 minute\" \/>\n<script type=\"application\/ld+json\" class=\"yoast-schema-graph\">{\"@context\":\"https:\\\/\\\/schema.org\",\"@graph\":[{\"@type\":\"WebPage\",\"@id\":\"https:\\\/\\\/niort-volley-ball.fr\\\/index.php\\\/equipes-departementales-feminine\\\/\",\"url\":\"https:\\\/\\\/niort-volley-ball.fr\\\/index.php\\\/equipes-departementales-feminine\\\/\",\"name\":\"PR\u00c9-R\u00c9GIONALE F\u00c9MININE - Niort Volley Ball\",\"isPartOf\":{\"@id\":\"https:\\\/\\\/niort-volley-ball.fr\\\/#website\"},\"primaryImageOfPage\":{\"@id\":\"https:\\\/\\\/niort-volley-ball.fr\\\/index.php\\\/equipes-departementales-feminine\\\/#primaryimage\"},\"image\":{\"@id\":\"https:\\\/\\\/niort-volley-ball.fr\\\/index.php\\\/equipes-departementales-feminine\\\/#primaryimage\"},\"thumbnailUrl\":\"https:\\\/\\\/niort-volley-ball.fr\\\/wp-content\\\/uploads\\\/2023\\\/09\\\/Photos-groupe-F1-1024x1024.jpg\",\"datePublished\":\"2021-09-11T14:19:53+00:00\",\"dateModified\":\"2024-07-03T06:06:21+00:00\",\"description\":\"Equipes d\u00e9partementales f\u00e9minine Niort Volley-ball\",\"breadcrumb\":{\"@id\":\"https:\\\/\\\/niort-volley-ball.fr\\\/index.php\\\/equipes-departementales-feminine\\\/#breadcrumb\"},\"inLanguage\":\"fr-FR\",\"potentialAction\":[{\"@type\":\"ReadAction\",\"target\":[\"https:\\\/\\\/niort-volley-ball.fr\\\/index.php\\\/equipes-departementales-feminine\\\/\"]}]},{\"@type\":\"ImageObject\",\"inLanguage\":\"fr-FR\",\"@id\":\"https:\\\/\\\/niort-volley-ball.fr\\\/index.php\\\/equipes-departementales-feminine\\\/#primaryimage\",\"url\":\"https:\\\/\\\/niort-volley-ball.fr\\\/wp-content\\\/uploads\\\/2023\\\/09\\\/Photos-groupe-F1.jpg\",\"contentUrl\":\"https:\\\/\\\/niort-volley-ball.fr\\\/wp-content\\\/uploads\\\/2023\\\/09\\\/Photos-groupe-F1.jpg\",\"width\":1200,\"height\":1200},{\"@type\":\"BreadcrumbList\",\"@id\":\"https:\\\/\\\/niort-volley-ball.fr\\\/index.php\\\/equipes-departementales-feminine\\\/#breadcrumb\",\"itemListElement\":[{\"@type\":\"ListItem\",\"position\":1,\"name\":\"Accueil\",\"item\":\"https:\\\/\\\/niort-volley-ball.fr\\\/\"},{\"@type\":\"ListItem\",\"position\":2,\"name\":\"PR\u00c9-R\u00c9GIONALE F\u00c9MININE\"}]},{\"@type\":\"WebSite\",\"@id\":\"https:\\\/\\\/niort-volley-ball.fr\\\/#website\",\"url\":\"https:\\\/\\\/niort-volley-ball.fr\\\/\",\"name\":\"Niort Volley Ball\",\"description\":\"\",\"publisher\":{\"@id\":\"https:\\\/\\\/niort-volley-ball.fr\\\/#organization\"},\"potentialAction\":[{\"@type\":\"SearchAction\",\"target\":{\"@type\":\"EntryPoint\",\"urlTemplate\":\"https:\\\/\\\/niort-volley-ball.fr\\\/?s={search_term_string}\"},\"query-input\":{\"@type\":\"PropertyValueSpecification\",\"valueRequired\":true,\"valueName\":\"search_term_string\"}}],\"inLanguage\":\"fr-FR\"},{\"@type\":\"Organization\",\"@id\":\"https:\\\/\\\/niort-volley-ball.fr\\\/#organization\",\"name\":\"Niort Volley Ball\",\"url\":\"https:\\\/\\\/niort-volley-ball.fr\\\/\",\"logo\":{\"@type\":\"ImageObject\",\"inLanguage\":\"fr-FR\",\"@id\":\"https:\\\/\\\/niort-volley-ball.fr\\\/#\\\/schema\\\/logo\\\/image\\\/\",\"url\":\"https:\\\/\\\/niort-volley-ball.fr\\\/wp-content\\\/uploads\\\/2021\\\/09\\\/cropped-cropped-NVBLOGO-3.png\",\"contentUrl\":\"https:\\\/\\\/niort-volley-ball.fr\\\/wp-content\\\/uploads\\\/2021\\\/09\\\/cropped-cropped-NVBLOGO-3.png\",\"width\":250,\"height\":250,\"caption\":\"Niort Volley Ball\"},\"image\":{\"@id\":\"https:\\\/\\\/niort-volley-ball.fr\\\/#\\\/schema\\\/logo\\\/image\\\/\"},\"sameAs\":[\"https:\\\/\\\/www.facebook.com\\\/niortvb\\\/\",\"https:\\\/\\\/www.instagram.com\\\/niortvb\\\/\"]}]}<\/script>\n<!-- \/ Yoast SEO plugin. -->","yoast_head_json":{"title":"PR\u00c9-R\u00c9GIONALE F\u00c9MININE - Niort Volley Ball","description":"Equipes d\u00e9partementales f\u00e9minine Niort Volley-ball","robots":{"index":"index","follow":"follow","max-snippet":"max-snippet:-1","max-image-preview":"max-image-preview:large","max-video-preview":"max-video-preview:-1"},"canonical":"https:\/\/niort-volley-ball.fr\/index.php\/equipes-departementales-feminine\/","og_locale":"fr_FR","og_type":"article","og_title":"PR\u00c9-R\u00c9GIONALE F\u00c9MININE - Niort Volley Ball","og_description":"Equipes d\u00e9partementales f\u00e9minine Niort Volley-ball","og_url":"https:\/\/niort-volley-ball.fr\/index.php\/equipes-departementales-feminine\/","og_site_name":"Niort Volley Ball","article_publisher":"https:\/\/www.facebook.com\/niortvb\/","article_modified_time":"2024-07-03T06:06:21+00:00","og_image":[{"url":"https:\/\/niort-volley-ball.fr\/wp-content\/uploads\/2023\/09\/Photos-groupe-F1-1024x1024.jpg","type":"","width":"","height":""}],"twitter_card":"summary_large_image","twitter_misc":{"Dur\u00e9e de lecture estim\u00e9e":"1 minute"},"schema":{"@context":"https:\/\/schema.org","@graph":[{"@type":"WebPage","@id":"https:\/\/niort-volley-ball.fr\/index.php\/equipes-departementales-feminine\/","url":"https:\/\/niort-volley-ball.fr\/index.php\/equipes-departementales-feminine\/","name":"PR\u00c9-R\u00c9GIONALE F\u00c9MININE - Niort Volley Ball","isPartOf":{"@id":"https:\/\/niort-volley-ball.fr\/#website"},"primaryImageOfPage":{"@id":"https:\/\/niort-volley-ball.fr\/index.php\/equipes-departementales-feminine\/#primaryimage"},"image":{"@id":"https:\/\/niort-volley-ball.fr\/index.php\/equipes-departementales-feminine\/#primaryimage"},"thumbnailUrl":"https:\/\/niort-volley-ball.fr\/wp-content\/uploads\/2023\/09\/Photos-groupe-F1-1024x1024.jpg","datePublished":"2021-09-11T14:19:53+00:00","dateModified":"2024-07-03T06:06:21+00:00","description":"Equipes d\u00e9partementales f\u00e9minine Niort Volley-ball","breadcrumb":{"@id":"https:\/\/niort-volley-ball.fr\/index.php\/equipes-departementales-feminine\/#breadcrumb"},"inLanguage":"fr-FR","potentialAction":[{"@type":"ReadAction","target":["https:\/\/niort-volley-ball.fr\/index.php\/equipes-departementales-feminine\/"]}]},{"@type":"ImageObject","inLanguage":"fr-FR","@id":"https:\/\/niort-volley-ball.fr\/index.php\/equipes-departementales-feminine\/#primaryimage","url":"https:\/\/niort-volley-ball.fr\/wp-content\/uploads\/2023\/09\/Photos-groupe-F1.jpg","contentUrl":"https:\/\/niort-volley-ball.fr\/wp-content\/uploads\/2023\/09\/Photos-groupe-F1.jpg","width":1200,"height":1200},{"@type":"BreadcrumbList","@id":"https:\/\/niort-volley-ball.fr\/index.php\/equipes-departementales-feminine\/#breadcrumb","itemListElement":[{"@type":"ListItem","position":1,"name":"Accueil","item":"https:\/\/niort-volley-ball.fr\/"},{"@type":"ListItem","position":2,"name":"PR\u00c9-R\u00c9GIONALE F\u00c9MININE"}]},{"@type":"WebSite","@id":"https:\/\/niort-volley-ball.fr\/#website","url":"https:\/\/niort-volley-ball.fr\/","name":"Niort Volley Ball","description":"","publisher":{"@id":"https:\/\/niort-volley-ball.fr\/#organization"},"potentialAction":[{"@type":"SearchAction","target":{"@type":"EntryPoint","urlTemplate":"https:\/\/niort-volley-ball.fr\/?s={search_term_string}"},"query-input":{"@type":"PropertyValueSpecification","valueRequired":true,"valueName":"search_term_string"}}],"inLanguage":"fr-FR"},{"@type":"Organization","@id":"https:\/\/niort-volley-ball.fr\/#organization","name":"Niort Volley Ball","url":"https:\/\/niort-volley-ball.fr\/","logo":{"@type":"ImageObject","inLanguage":"fr-FR","@id":"https:\/\/niort-volley-ball.fr\/#\/schema\/logo\/image\/","url":"https:\/\/niort-volley-ball.fr\/wp-content\/uploads\/2021\/09\/cropped-cropped-NVBLOGO-3.png","contentUrl":"https:\/\/niort-volley-ball.fr\/wp-content\/uploads\/2021\/09\/cropped-cropped-NVBLOGO-3.png","width":250,"height":250,"caption":"Niort Volley Ball"},"image":{"@id":"https:\/\/niort-volley-ball.fr\/#\/schema\/logo\/image\/"},"sameAs":["https:\/\/www.facebook.com\/niortvb\/","https:\/\/www.instagram.com\/niortvb\/"]}]}},"_links":{"self":[{"href":"https:\/\/niort-volley-ball.fr\/index.php\/wp-json\/wp\/v2\/pages\/105","targetHints":{"allow":["GET"]}}],"collection":[{"href":"https:\/\/niort-volley-ball.fr\/index.php\/wp-json\/wp\/v2\/pages"}],"about":[{"href":"https:\/\/niort-volley-ball.fr\/index.php\/wp-json\/wp\/v2\/types\/page"}],"author":[{"embeddable":true,"href":"https:\/\/niort-volley-ball.fr\/index.php\/wp-json\/wp\/v2\/users\/1"}],"replies":[{"embeddable":true,"href":"https:\/\/niort-volley-ball.fr\/index.php\/wp-json\/wp\/v2\/comments?post=105"}],"version-history":[{"count":5,"href":"https:\/\/niort-volley-ball.fr\/index.php\/wp-json\/wp\/v2\/pages\/105\/revisions"}],"predecessor-version":[{"id":499,"href":"https:\/\/niort-volley-ball.fr\/index.php\/wp-json\/wp\/v2\/pages\/105\/revisions\/499"}],"wp:attachment":[{"href":"https:\/\/niort-volley-ball.fr\/index.php\/wp-json\/wp\/v2\/media?parent=105"}],"curies":[{"name":"wp","href":"https:\/\/api.w.org\/{rel}","templated":true}]}}