{"id":555,"date":"2024-10-21T10:30:17","date_gmt":"2024-10-21T08:30:17","guid":{"rendered":"https:\/\/niort-volley-ball.fr\/?page_id=555"},"modified":"2025-11-13T20:16:06","modified_gmt":"2025-11-13T19:16:06","slug":"regionale-feminine","status":"publish","type":"page","link":"https:\/\/niort-volley-ball.fr\/index.php\/les-equipes\/regionale-feminine\/","title":{"rendered":"R\u00c9GIONALE F\u00c9MININE"},"content":{"rendered":"<p>L\u2019equipe RGF compos\u00e9e de 13 joueuses cette ann\u00e9e.<\/p>\n<p>Les entra\u00eeneurs sont Patrick, Jordan et Louis.<br \/>\nils se d\u00e9roulent les mardis de 18H30 \u00e0 20H et les vendredis de 19H30 \u00e0 21H, et les matchs se d\u00e9roulent les samedis ou dimanches, en fonction de chaque \u00e9quipe receveuse.<\/p>\n<p>L&rsquo;objectif de l&rsquo;\u00e9quipe est d&rsquo;\u00e9voluer en r\u00e9gionale et de progresser au long de la saison afin de viser le maintien !<\/p>\n<p><img decoding=\"async\" class=\"wp-image-551 size-large lazyload\" style=\"--smush-placeholder-width: 580px; --smush-placeholder-aspect-ratio: 580\/435;font-weight: 600;\" title=\"Equipe r\u00e9gionale f\u00e9minine Niort Volley Ball\" data-src=\"https:\/\/niort-volley-ball.fr\/wp-content\/uploads\/2024\/10\/bb3db3f2-70e9-4d54-8671-ad2d0f98eba8-1024x768.jpeg\" alt=\"Equipe r\u00e9gionale f\u00e9minine Niort Volley Ball\" width=\"580\" height=\"435\" data-srcset=\"https:\/\/niort-volley-ball.fr\/wp-content\/uploads\/2024\/10\/bb3db3f2-70e9-4d54-8671-ad2d0f98eba8-1024x768.jpeg 1024w, https:\/\/niort-volley-ball.fr\/wp-content\/uploads\/2024\/10\/bb3db3f2-70e9-4d54-8671-ad2d0f98eba8-300x225.jpeg 300w, https:\/\/niort-volley-ball.fr\/wp-content\/uploads\/2024\/10\/bb3db3f2-70e9-4d54-8671-ad2d0f98eba8-768x576.jpeg 768w, https:\/\/niort-volley-ball.fr\/wp-content\/uploads\/2024\/10\/bb3db3f2-70e9-4d54-8671-ad2d0f98eba8-1200x900.jpeg 1200w, https:\/\/niort-volley-ball.fr\/wp-content\/uploads\/2024\/10\/bb3db3f2-70e9-4d54-8671-ad2d0f98eba8.jpeg 1440w\" data-sizes=\"(max-width: 580px) 100vw, 580px\" src=\"data:image\/svg+xml;base64,PHN2ZyB3aWR0aD0iMSIgaGVpZ2h0PSIxIiB4bWxucz0iaHR0cDovL3d3dy53My5vcmcvMjAwMC9zdmciPjwvc3ZnPg==\" \/><\/p>\n<p>Equipe r\u00e9gionale f\u00e9minine Niort Volley BallDecouvrez comment s\u2019inscrire !<\/p>\n","protected":false},"excerpt":{"rendered":"<p>L\u2019equipe RGF compos\u00e9e de 13 joueuses cette ann\u00e9e. Les entra\u00eeneurs sont Patrick, Jordan et Louis. ils se d\u00e9roulent les mardis de 18H30 \u00e0 20H et les vendredis de 19H30 \u00e0 [&hellip;]<\/p>\n","protected":false},"author":5,"featured_media":0,"parent":84,"menu_order":0,"comment_status":"closed","ping_status":"closed","template":"","meta":{"iawp_total_views":298,"footnotes":""},"class_list":["post-555","page","type-page","status-publish","hentry"],"yoast_head":"<!-- This site is optimized with the Yoast SEO plugin v27.5 - https:\/\/yoast.com\/product\/yoast-seo-wordpress\/ -->\n<title>R\u00c9GIONALE F\u00c9MININE - Niort Volley Ball<\/title>\n<meta name=\"description\" content=\"Nous \u00e9voluons \u00e9galement avec une \u00e9quipe de volley-ball en championnat R\u00e9gional f\u00e9minin affili\u00e9 \u00e0 la FFVB, \u00e0 Niort\" \/>\n<meta name=\"robots\" content=\"index, follow, max-snippet:-1, max-image-preview:large, max-video-preview:-1\" \/>\n<link rel=\"canonical\" href=\"https:\/\/niort-volley-ball.fr\/index.php\/les-equipes\/regionale-feminine\/\" \/>\n<meta property=\"og:locale\" content=\"fr_FR\" \/>\n<meta property=\"og:type\" content=\"article\" \/>\n<meta property=\"og:title\" content=\"R\u00c9GIONALE F\u00c9MININE - Niort Volley Ball\" \/>\n<meta property=\"og:description\" content=\"Nous \u00e9voluons \u00e9galement avec une \u00e9quipe de volley-ball en championnat R\u00e9gional f\u00e9minin affili\u00e9 \u00e0 la FFVB, \u00e0 Niort\" \/>\n<meta property=\"og:url\" content=\"https:\/\/niort-volley-ball.fr\/index.php\/les-equipes\/regionale-feminine\/\" \/>\n<meta property=\"og:site_name\" content=\"Niort Volley Ball\" \/>\n<meta property=\"article:publisher\" content=\"https:\/\/www.facebook.com\/niortvb\/\" \/>\n<meta property=\"article:modified_time\" content=\"2025-11-13T19:16:06+00:00\" \/>\n<meta property=\"og:image\" content=\"https:\/\/niort-volley-ball.fr\/wp-content\/uploads\/2024\/10\/bb3db3f2-70e9-4d54-8671-ad2d0f98eba8.jpeg\" \/>\n\t<meta property=\"og:image:width\" content=\"1440\" \/>\n\t<meta property=\"og:image:height\" content=\"1080\" \/>\n\t<meta property=\"og:image:type\" content=\"image\/jpeg\" \/>\n<meta name=\"twitter:card\" content=\"summary_large_image\" \/>\n<script type=\"application\/ld+json\" class=\"yoast-schema-graph\">{\"@context\":\"https:\\\/\\\/schema.org\",\"@graph\":[{\"@type\":\"WebPage\",\"@id\":\"https:\\\/\\\/niort-volley-ball.fr\\\/index.php\\\/les-equipes\\\/regionale-feminine\\\/\",\"url\":\"https:\\\/\\\/niort-volley-ball.fr\\\/index.php\\\/les-equipes\\\/regionale-feminine\\\/\",\"name\":\"R\u00c9GIONALE F\u00c9MININE - Niort Volley Ball\",\"isPartOf\":{\"@id\":\"https:\\\/\\\/niort-volley-ball.fr\\\/#website\"},\"primaryImageOfPage\":{\"@id\":\"https:\\\/\\\/niort-volley-ball.fr\\\/index.php\\\/les-equipes\\\/regionale-feminine\\\/#primaryimage\"},\"image\":{\"@id\":\"https:\\\/\\\/niort-volley-ball.fr\\\/index.php\\\/les-equipes\\\/regionale-feminine\\\/#primaryimage\"},\"thumbnailUrl\":\"https:\\\/\\\/niort-volley-ball.fr\\\/wp-content\\\/uploads\\\/2024\\\/10\\\/bb3db3f2-70e9-4d54-8671-ad2d0f98eba8-1024x768.jpeg\",\"datePublished\":\"2024-10-21T08:30:17+00:00\",\"dateModified\":\"2025-11-13T19:16:06+00:00\",\"description\":\"Nous \u00e9voluons \u00e9galement avec une \u00e9quipe de volley-ball en championnat R\u00e9gional f\u00e9minin affili\u00e9 \u00e0 la FFVB, \u00e0 Niort\",\"breadcrumb\":{\"@id\":\"https:\\\/\\\/niort-volley-ball.fr\\\/index.php\\\/les-equipes\\\/regionale-feminine\\\/#breadcrumb\"},\"inLanguage\":\"fr-FR\",\"potentialAction\":[{\"@type\":\"ReadAction\",\"target\":[\"https:\\\/\\\/niort-volley-ball.fr\\\/index.php\\\/les-equipes\\\/regionale-feminine\\\/\"]}]},{\"@type\":\"ImageObject\",\"inLanguage\":\"fr-FR\",\"@id\":\"https:\\\/\\\/niort-volley-ball.fr\\\/index.php\\\/les-equipes\\\/regionale-feminine\\\/#primaryimage\",\"url\":\"https:\\\/\\\/niort-volley-ball.fr\\\/wp-content\\\/uploads\\\/2024\\\/10\\\/bb3db3f2-70e9-4d54-8671-ad2d0f98eba8.jpeg\",\"contentUrl\":\"https:\\\/\\\/niort-volley-ball.fr\\\/wp-content\\\/uploads\\\/2024\\\/10\\\/bb3db3f2-70e9-4d54-8671-ad2d0f98eba8.jpeg\",\"width\":1440,\"height\":1080},{\"@type\":\"BreadcrumbList\",\"@id\":\"https:\\\/\\\/niort-volley-ball.fr\\\/index.php\\\/les-equipes\\\/regionale-feminine\\\/#breadcrumb\",\"itemListElement\":[{\"@type\":\"ListItem\",\"position\":1,\"name\":\"Accueil\",\"item\":\"https:\\\/\\\/niort-volley-ball.fr\\\/\"},{\"@type\":\"ListItem\",\"position\":2,\"name\":\"LES EQUIPES\",\"item\":\"https:\\\/\\\/niort-volley-ball.fr\\\/index.php\\\/les-equipes\\\/\"},{\"@type\":\"ListItem\",\"position\":3,\"name\":\"R\u00c9GIONALE F\u00c9MININE\"}]},{\"@type\":\"WebSite\",\"@id\":\"https:\\\/\\\/niort-volley-ball.fr\\\/#website\",\"url\":\"https:\\\/\\\/niort-volley-ball.fr\\\/\",\"name\":\"Niort Volley Ball\",\"description\":\"\",\"publisher\":{\"@id\":\"https:\\\/\\\/niort-volley-ball.fr\\\/#organization\"},\"potentialAction\":[{\"@type\":\"SearchAction\",\"target\":{\"@type\":\"EntryPoint\",\"urlTemplate\":\"https:\\\/\\\/niort-volley-ball.fr\\\/?s={search_term_string}\"},\"query-input\":{\"@type\":\"PropertyValueSpecification\",\"valueRequired\":true,\"valueName\":\"search_term_string\"}}],\"inLanguage\":\"fr-FR\"},{\"@type\":\"Organization\",\"@id\":\"https:\\\/\\\/niort-volley-ball.fr\\\/#organization\",\"name\":\"Niort Volley Ball\",\"url\":\"https:\\\/\\\/niort-volley-ball.fr\\\/\",\"logo\":{\"@type\":\"ImageObject\",\"inLanguage\":\"fr-FR\",\"@id\":\"https:\\\/\\\/niort-volley-ball.fr\\\/#\\\/schema\\\/logo\\\/image\\\/\",\"url\":\"https:\\\/\\\/niort-volley-ball.fr\\\/wp-content\\\/uploads\\\/2021\\\/09\\\/cropped-cropped-NVBLOGO-3.png\",\"contentUrl\":\"https:\\\/\\\/niort-volley-ball.fr\\\/wp-content\\\/uploads\\\/2021\\\/09\\\/cropped-cropped-NVBLOGO-3.png\",\"width\":250,\"height\":250,\"caption\":\"Niort Volley Ball\"},\"image\":{\"@id\":\"https:\\\/\\\/niort-volley-ball.fr\\\/#\\\/schema\\\/logo\\\/image\\\/\"},\"sameAs\":[\"https:\\\/\\\/www.facebook.com\\\/niortvb\\\/\",\"https:\\\/\\\/www.instagram.com\\\/niortvb\\\/\"]}]}<\/script>\n<!-- \/ Yoast SEO plugin. -->","yoast_head_json":{"title":"R\u00c9GIONALE F\u00c9MININE - Niort Volley Ball","description":"Nous \u00e9voluons \u00e9galement avec une \u00e9quipe de volley-ball en championnat R\u00e9gional f\u00e9minin affili\u00e9 \u00e0 la FFVB, \u00e0 Niort","robots":{"index":"index","follow":"follow","max-snippet":"max-snippet:-1","max-image-preview":"max-image-preview:large","max-video-preview":"max-video-preview:-1"},"canonical":"https:\/\/niort-volley-ball.fr\/index.php\/les-equipes\/regionale-feminine\/","og_locale":"fr_FR","og_type":"article","og_title":"R\u00c9GIONALE F\u00c9MININE - Niort Volley Ball","og_description":"Nous \u00e9voluons \u00e9galement avec une \u00e9quipe de volley-ball en championnat R\u00e9gional f\u00e9minin affili\u00e9 \u00e0 la FFVB, \u00e0 Niort","og_url":"https:\/\/niort-volley-ball.fr\/index.php\/les-equipes\/regionale-feminine\/","og_site_name":"Niort Volley Ball","article_publisher":"https:\/\/www.facebook.com\/niortvb\/","article_modified_time":"2025-11-13T19:16:06+00:00","og_image":[{"width":1440,"height":1080,"url":"https:\/\/niort-volley-ball.fr\/wp-content\/uploads\/2024\/10\/bb3db3f2-70e9-4d54-8671-ad2d0f98eba8.jpeg","type":"image\/jpeg"}],"twitter_card":"summary_large_image","schema":{"@context":"https:\/\/schema.org","@graph":[{"@type":"WebPage","@id":"https:\/\/niort-volley-ball.fr\/index.php\/les-equipes\/regionale-feminine\/","url":"https:\/\/niort-volley-ball.fr\/index.php\/les-equipes\/regionale-feminine\/","name":"R\u00c9GIONALE F\u00c9MININE - Niort Volley Ball","isPartOf":{"@id":"https:\/\/niort-volley-ball.fr\/#website"},"primaryImageOfPage":{"@id":"https:\/\/niort-volley-ball.fr\/index.php\/les-equipes\/regionale-feminine\/#primaryimage"},"image":{"@id":"https:\/\/niort-volley-ball.fr\/index.php\/les-equipes\/regionale-feminine\/#primaryimage"},"thumbnailUrl":"https:\/\/niort-volley-ball.fr\/wp-content\/uploads\/2024\/10\/bb3db3f2-70e9-4d54-8671-ad2d0f98eba8-1024x768.jpeg","datePublished":"2024-10-21T08:30:17+00:00","dateModified":"2025-11-13T19:16:06+00:00","description":"Nous \u00e9voluons \u00e9galement avec une \u00e9quipe de volley-ball en championnat R\u00e9gional f\u00e9minin affili\u00e9 \u00e0 la FFVB, \u00e0 Niort","breadcrumb":{"@id":"https:\/\/niort-volley-ball.fr\/index.php\/les-equipes\/regionale-feminine\/#breadcrumb"},"inLanguage":"fr-FR","potentialAction":[{"@type":"ReadAction","target":["https:\/\/niort-volley-ball.fr\/index.php\/les-equipes\/regionale-feminine\/"]}]},{"@type":"ImageObject","inLanguage":"fr-FR","@id":"https:\/\/niort-volley-ball.fr\/index.php\/les-equipes\/regionale-feminine\/#primaryimage","url":"https:\/\/niort-volley-ball.fr\/wp-content\/uploads\/2024\/10\/bb3db3f2-70e9-4d54-8671-ad2d0f98eba8.jpeg","contentUrl":"https:\/\/niort-volley-ball.fr\/wp-content\/uploads\/2024\/10\/bb3db3f2-70e9-4d54-8671-ad2d0f98eba8.jpeg","width":1440,"height":1080},{"@type":"BreadcrumbList","@id":"https:\/\/niort-volley-ball.fr\/index.php\/les-equipes\/regionale-feminine\/#breadcrumb","itemListElement":[{"@type":"ListItem","position":1,"name":"Accueil","item":"https:\/\/niort-volley-ball.fr\/"},{"@type":"ListItem","position":2,"name":"LES EQUIPES","item":"https:\/\/niort-volley-ball.fr\/index.php\/les-equipes\/"},{"@type":"ListItem","position":3,"name":"R\u00c9GIONALE F\u00c9MININE"}]},{"@type":"WebSite","@id":"https:\/\/niort-volley-ball.fr\/#website","url":"https:\/\/niort-volley-ball.fr\/","name":"Niort Volley Ball","description":"","publisher":{"@id":"https:\/\/niort-volley-ball.fr\/#organization"},"potentialAction":[{"@type":"SearchAction","target":{"@type":"EntryPoint","urlTemplate":"https:\/\/niort-volley-ball.fr\/?s={search_term_string}"},"query-input":{"@type":"PropertyValueSpecification","valueRequired":true,"valueName":"search_term_string"}}],"inLanguage":"fr-FR"},{"@type":"Organization","@id":"https:\/\/niort-volley-ball.fr\/#organization","name":"Niort Volley Ball","url":"https:\/\/niort-volley-ball.fr\/","logo":{"@type":"ImageObject","inLanguage":"fr-FR","@id":"https:\/\/niort-volley-ball.fr\/#\/schema\/logo\/image\/","url":"https:\/\/niort-volley-ball.fr\/wp-content\/uploads\/2021\/09\/cropped-cropped-NVBLOGO-3.png","contentUrl":"https:\/\/niort-volley-ball.fr\/wp-content\/uploads\/2021\/09\/cropped-cropped-NVBLOGO-3.png","width":250,"height":250,"caption":"Niort Volley Ball"},"image":{"@id":"https:\/\/niort-volley-ball.fr\/#\/schema\/logo\/image\/"},"sameAs":["https:\/\/www.facebook.com\/niortvb\/","https:\/\/www.instagram.com\/niortvb\/"]}]}},"_links":{"self":[{"href":"https:\/\/niort-volley-ball.fr\/index.php\/wp-json\/wp\/v2\/pages\/555","targetHints":{"allow":["GET"]}}],"collection":[{"href":"https:\/\/niort-volley-ball.fr\/index.php\/wp-json\/wp\/v2\/pages"}],"about":[{"href":"https:\/\/niort-volley-ball.fr\/index.php\/wp-json\/wp\/v2\/types\/page"}],"author":[{"embeddable":true,"href":"https:\/\/niort-volley-ball.fr\/index.php\/wp-json\/wp\/v2\/users\/5"}],"replies":[{"embeddable":true,"href":"https:\/\/niort-volley-ball.fr\/index.php\/wp-json\/wp\/v2\/comments?post=555"}],"version-history":[{"count":5,"href":"https:\/\/niort-volley-ball.fr\/index.php\/wp-json\/wp\/v2\/pages\/555\/revisions"}],"predecessor-version":[{"id":657,"href":"https:\/\/niort-volley-ball.fr\/index.php\/wp-json\/wp\/v2\/pages\/555\/revisions\/657"}],"up":[{"embeddable":true,"href":"https:\/\/niort-volley-ball.fr\/index.php\/wp-json\/wp\/v2\/pages\/84"}],"wp:attachment":[{"href":"https:\/\/niort-volley-ball.fr\/index.php\/wp-json\/wp\/v2\/media?parent=555"}],"curies":[{"name":"wp","href":"https:\/\/api.w.org\/{rel}","templated":true}]}}